{"id":35,"date":"2025-11-06T09:10:23","date_gmt":"2025-11-06T08:10:23","guid":{"rendered":"https:\/\/karimusto.oblivion-software.de\/?page_id=35"},"modified":"2025-11-07T08:50:53","modified_gmt":"2025-11-07T07:50:53","slug":"datenschutzerklaerung","status":"publish","type":"page","link":"https:\/\/www.karimusto.de\/index.php\/datenschutzerklaerung\/","title":{"rendered":"Datenschutzerkl\u00e4rung"},"content":{"rendered":"<style>.kadence-column35_8d4005-fa > .kt-inside-inner-col,.kadence-column35_8d4005-fa > .kt-inside-inner-col:before{border-top-left-radius:0px;border-top-right-radius:0px;border-bottom-right-radius:0px;border-bottom-left-radius:0px;}.kadence-column35_8d4005-fa > .kt-inside-inner-col{column-gap:var(--global-kb-gap-sm, 1rem);}.kadence-column35_8d4005-fa > .kt-inside-inner-col{flex-direction:column;}.kadence-column35_8d4005-fa > .kt-inside-inner-col > .aligncenter{width:100%;}.kadence-column35_8d4005-fa > .kt-inside-inner-col:before{opacity:0.3;}.kadence-column35_8d4005-fa{position:relative;}@media all and (max-width: 1024px){.kadence-column35_8d4005-fa > .kt-inside-inner-col{flex-direction:column;justify-content:center;}}@media all and (max-width: 767px){.kadence-column35_8d4005-fa > .kt-inside-inner-col{flex-direction:column;justify-content:center;}}<\/style>\n<div class=\"wp-block-kadence-column kadence-column35_8d4005-fa\"><div class=\"kt-inside-inner-col\">\n<h3 class=\"wp-block-heading\">1. Verantwortlicher<\/h3>\n\n\n\n<p>Norbert Schlia<br>(im Auftrag f\u00fcr Alexander Hirschmann-Habich)<br>Hans-Thoma-Stra\u00dfe 24<br>76327 Pfinztal<br>Deutschland<\/p>\n\n\n\n<p>\u2709 E-Mail: <a>webmaster@karimusto.de<\/a><\/p>\n\n\n\n<h3 class=\"wp-block-heading\">2. Allgemeines zur Datenverarbeitung<\/h3>\n\n\n\n<p>Diese Website verarbeitet personenbezogene Daten grunds\u00e4tzlich nur, soweit dies zur Bereitstellung einer funktionsf\u00e4higen Website sowie unserer Inhalte und Leistungen erforderlich ist.<br>Die Verarbeitung personenbezogener Daten erfolgt regelm\u00e4\u00dfig nur nach Einwilligung der betroffenen Person oder wenn die Verarbeitung durch gesetzliche Vorschriften gestattet ist.<\/p>\n\n\n\n<hr class=\"wp-block-separator has-alpha-channel-opacity\"\/>\n\n\n\n<h3 class=\"wp-block-heading\">3. Bereitstellung der Website und Server-Logfiles<\/h3>\n\n\n\n<p>Beim Aufruf unserer Website erfasst der Webserver automatisch Informationen, die Ihr Browser \u00fcbermittelt. Diese Daten werden tempor\u00e4r in sogenannten Server-Logfiles gespeichert.<\/p>\n\n\n\n<p>Erfasst werden k\u00f6nnen:<\/p>\n\n\n\n<ul class=\"wp-block-list\">\n<li>IP-Adresse des anfragenden Rechners<\/li>\n\n\n\n<li>Datum und Uhrzeit des Zugriffs<\/li>\n\n\n\n<li>Name und URL der abgerufenen Datei<\/li>\n\n\n\n<li>Website, von der der Zugriff erfolgt (Referrer-URL)<\/li>\n\n\n\n<li>verwendeter Browser, Betriebssystem und Name des Access-Providers<\/li>\n<\/ul>\n\n\n\n<p>Diese Daten werden ausschlie\u00dflich zur Sicherstellung eines st\u00f6rungsfreien Betriebs, zur Systemsicherheit und zur Verbesserung des Angebots ausgewertet. Eine Zusammenf\u00fchrung dieser Daten mit anderen Datenquellen erfolgt nicht.<br>Rechtsgrundlage der Verarbeitung ist Art. 6 Abs. 1 lit. f DSGVO (berechtigtes Interesse).<\/p>\n\n\n\n<hr class=\"wp-block-separator has-alpha-channel-opacity\"\/>\n\n\n\n<h3 class=\"wp-block-heading\">4. Verwendung von Cookies<\/h3>\n\n\n\n<p>Diese Website verwendet <strong>keine Tracking-Cookies<\/strong>.<br>Es werden nur technisch notwendige Cookies eingesetzt, soweit diese f\u00fcr den Betrieb (z. B. Login oder Sitzungserhaltung im Administrationsbereich) erforderlich sind.<br>Die Rechtsgrundlage f\u00fcr diese Verarbeitung ist Art. 6 Abs. 1 lit. f DSGVO.<\/p>\n\n\n\n<hr class=\"wp-block-separator has-alpha-channel-opacity\"\/>\n\n\n\n<h3 class=\"wp-block-heading\">5. Kontaktaufnahme per E-Mail oder Formular<\/h3>\n\n\n\n<p>Bei einer Kontaktaufnahme per E-Mail oder \u00fcber ein Kontaktformular werden die \u00fcbermittelten Daten ausschlie\u00dflich zum Zweck der Bearbeitung Ihrer Anfrage verwendet.<br>Die Daten werden nach Erledigung der Anfrage gel\u00f6scht, sofern keine gesetzlichen Aufbewahrungspflichten bestehen.<br>Rechtsgrundlage ist Art. 6 Abs. 1 lit. b DSGVO (Vertragserf\u00fcllung bzw. vorvertragliche Ma\u00dfnahmen).<\/p>\n\n\n\n<hr class=\"wp-block-separator has-alpha-channel-opacity\"\/>\n\n\n\n<h3 class=\"wp-block-heading\">6. Verwendung von Schriftarten<\/h3>\n\n\n\n<p>Auf dieser Website werden <strong>keine externen Schriftarten<\/strong> (z. B. Google Fonts) geladen.<br>Die Schriften werden lokal vom eigenen Webserver bereitgestellt.<br>Damit findet <strong>kein Datentransfer an Dritte<\/strong> statt.<\/p>\n\n\n\n<hr class=\"wp-block-separator has-alpha-channel-opacity\"\/>\n\n\n\n<h3 class=\"wp-block-heading\">7. Eingebettete Inhalte \/ Medien<\/h3>\n\n\n\n<p>Es werden <strong>keine externen Medien<\/strong> (z. B. YouTube, Vimeo, Google Maps, Instagram, Facebook) eingebunden.<br>Alle Inhalte liegen auf dem eigenen Server.<\/p>\n\n\n\n<hr class=\"wp-block-separator has-alpha-channel-opacity\"\/>\n\n\n\n<h3 class=\"wp-block-heading\">8. Kommentare, Nutzerkonten und Gravatar<\/h3>\n\n\n\n<p>Diese Website bietet <strong>keine Kommentarfunktion<\/strong> und keine Registrierungsm\u00f6glichkeit.<br>Der Dienst <strong>Gravatar<\/strong> (Automattic Inc., USA) wird <strong>nicht<\/strong> verwendet.<br>Somit findet kein externer Datenaustausch mit Gravatar-Servern statt.<\/p>\n\n\n\n<hr class=\"wp-block-separator has-alpha-channel-opacity\"\/>\n\n\n\n<h3 class=\"wp-block-heading\">9. Plugins und externe Dienste<\/h3>\n\n\n\n<p>Es werden keine Plugins verwendet, die Daten an Dritte \u00fcbermitteln.<br>Die verwendeten WordPress-Erweiterungen (Kadence Theme, Complianz, Yoast SEO, eigene Plugins) arbeiten vollst\u00e4ndig lokal.<br>Es findet keine \u00dcbermittlung personenbezogener Daten an externe Server oder Dienste statt.<\/p>\n\n\n\n<hr class=\"wp-block-separator has-alpha-channel-opacity\"\/>\n\n\n\n<h3 class=\"wp-block-heading\">10. Datensicherheit<\/h3>\n\n\n\n<p>Wir verwenden geeignete technische und organisatorische Sicherheitsma\u00dfnahmen, um Ihre Daten gegen Verlust, Zerst\u00f6rung, Manipulation und unbefugten Zugriff zu sch\u00fctzen.<br>Die Website wird \u00fcber eine verschl\u00fcsselte HTTPS-Verbindung bereitgestellt.<\/p>\n\n\n\n<hr class=\"wp-block-separator has-alpha-channel-opacity\"\/>\n\n\n\n<h3 class=\"wp-block-heading\">11. Rechte der betroffenen Personen<\/h3>\n\n\n\n<p>Sie haben jederzeit das Recht:<\/p>\n\n\n\n<ul class=\"wp-block-list\">\n<li>auf Auskunft nach Art. 15 DSGVO,<\/li>\n\n\n\n<li>auf Berichtigung nach Art. 16 DSGVO,<\/li>\n\n\n\n<li>auf L\u00f6schung nach Art. 17 DSGVO,<\/li>\n\n\n\n<li>auf Einschr\u00e4nkung der Verarbeitung nach Art. 18 DSGVO,<\/li>\n\n\n\n<li>auf Widerspruch nach Art. 21 DSGVO,<\/li>\n\n\n\n<li>auf Daten\u00fcbertragbarkeit nach Art. 20 DSGVO.<\/li>\n<\/ul>\n\n\n\n<p>Sie haben zudem das Recht, sich bei einer Aufsichtsbeh\u00f6rde zu beschweren, wenn Sie der Ansicht sind, dass die Verarbeitung Ihrer personenbezogenen Daten gegen die DSGVO verst\u00f6\u00dft.<\/p>\n\n\n\n<hr class=\"wp-block-separator has-alpha-channel-opacity\"\/>\n\n\n\n<h3 class=\"wp-block-heading\">12. Dauer der Speicherung<\/h3>\n\n\n\n<p>Personenbezogene Daten werden gel\u00f6scht oder gesperrt, sobald der Zweck der Speicherung entf\u00e4llt oder eine gesetzliche Aufbewahrungsfrist abl\u00e4uft.<\/p>\n\n\n\n<hr class=\"wp-block-separator has-alpha-channel-opacity\"\/>\n\n\n\n<h3 class=\"wp-block-heading\">13. \u00c4nderungen dieser Datenschutzerkl\u00e4rung<\/h3>\n\n\n\n<p>Diese Datenschutzerkl\u00e4rung kann von Zeit zu Zeit angepasst werden, um \u00c4nderungen der Rechtslage oder der technischen Umsetzung zu ber\u00fccksichtigen.<br>Die jeweils aktuelle Version finden Sie stets auf dieser Website unter dem Men\u00fcpunkt <strong>\u201eDatenschutzerkl\u00e4rung\u201c<\/strong>.<\/p>\n\n\n\n<hr class=\"wp-block-separator has-alpha-channel-opacity\"\/>\n\n\n\n<p><strong>Stand:<\/strong> 06. November 2025<br><strong>Verantwortlich:<\/strong> Norbert Schlia (im Auftrag f\u00fcr Alexander Hirschmann-Habich)<\/p>\n<\/div><\/div>\n","protected":false},"excerpt":{"rendered":"<p>1. Verantwortlicher Norbert Schlia(im Auftrag f\u00fcr Alexander Hirschmann-Habich)Hans-Thoma-Stra\u00dfe 2476327 PfinztalDeutschland \u2709 E-Mail: webmaster@karimusto.de 2. Allgemeines zur Datenverarbeitung Diese Website verarbeitet personenbezogene Daten grunds\u00e4tzlich nur, soweit dies zur Bereitstellung einer funktionsf\u00e4higen Website sowie unserer Inhalte und Leistungen erforderlich ist.Die Verarbeitung personenbezogener Daten erfolgt regelm\u00e4\u00dfig nur nach Einwilligung der betroffenen Person oder wenn die Verarbeitung durch gesetzliche&#8230;<\/p>\n","protected":false},"author":1,"featured_media":0,"parent":0,"menu_order":0,"comment_status":"closed","ping_status":"closed","template":"","meta":{"_kadence_starter_templates_imported_post":false,"_kad_post_transparent":"","_kad_post_title":"","_kad_post_layout":"","_kad_post_sidebar_id":"","_kad_post_content_style":"","_kad_post_vertical_padding":"","_kad_post_feature":"","_kad_post_feature_position":"","_kad_post_header":false,"_kad_post_footer":false,"footnotes":""},"class_list":["post-35","page","type-page","status-publish","hentry"],"yoast_head":"<!-- This site is optimized with the Yoast SEO plugin v26.4 - https:\/\/yoast.com\/wordpress\/plugins\/seo\/ -->\n<title>Datenschutzerkl\u00e4rung - Karimusto - get in shape<\/title>\n<meta name=\"robots\" content=\"index, follow, max-snippet:-1, max-image-preview:large, max-video-preview:-1\" \/>\n<link rel=\"canonical\" href=\"https:\/\/www.karimusto.de\/index.php\/datenschutzerklaerung\/\" \/>\n<meta property=\"og:locale\" content=\"de_DE\" \/>\n<meta property=\"og:type\" content=\"article\" \/>\n<meta property=\"og:title\" content=\"Datenschutzerkl\u00e4rung - Karimusto - get in shape\" \/>\n<meta property=\"og:description\" content=\"1. Verantwortlicher Norbert Schlia(im Auftrag f\u00fcr Alexander Hirschmann-Habich)Hans-Thoma-Stra\u00dfe 2476327 PfinztalDeutschland \u2709 E-Mail: webmaster@karimusto.de 2. Allgemeines zur Datenverarbeitung Diese Website verarbeitet personenbezogene Daten grunds\u00e4tzlich nur, soweit dies zur Bereitstellung einer funktionsf\u00e4higen Website sowie unserer Inhalte und Leistungen erforderlich ist.Die Verarbeitung personenbezogener Daten erfolgt regelm\u00e4\u00dfig nur nach Einwilligung der betroffenen Person oder wenn die Verarbeitung durch gesetzliche...\" \/>\n<meta property=\"og:url\" content=\"https:\/\/www.karimusto.de\/index.php\/datenschutzerklaerung\/\" \/>\n<meta property=\"og:site_name\" content=\"Karimusto - get in shape\" \/>\n<meta property=\"article:publisher\" content=\"https:\/\/www.facebook.com\/Karimustokoeln\/\" \/>\n<meta property=\"article:modified_time\" content=\"2025-11-07T07:50:53+00:00\" \/>\n<meta name=\"twitter:card\" content=\"summary_large_image\" \/>\n<meta name=\"twitter:label1\" content=\"Gesch\u00e4tzte Lesezeit\" \/>\n\t<meta name=\"twitter:data1\" content=\"4\u00a0Minuten\" \/>\n<script type=\"application\/ld+json\" class=\"yoast-schema-graph\">{\"@context\":\"https:\/\/schema.org\",\"@graph\":[{\"@type\":\"WebPage\",\"@id\":\"https:\/\/www.karimusto.de\/index.php\/datenschutzerklaerung\/\",\"url\":\"https:\/\/www.karimusto.de\/index.php\/datenschutzerklaerung\/\",\"name\":\"Datenschutzerkl\u00e4rung - Karimusto - get in shape\",\"isPartOf\":{\"@id\":\"https:\/\/www.karimusto.de\/#website\"},\"datePublished\":\"2025-11-06T08:10:23+00:00\",\"dateModified\":\"2025-11-07T07:50:53+00:00\",\"breadcrumb\":{\"@id\":\"https:\/\/www.karimusto.de\/index.php\/datenschutzerklaerung\/#breadcrumb\"},\"inLanguage\":\"de\",\"potentialAction\":[{\"@type\":\"ReadAction\",\"target\":[\"https:\/\/www.karimusto.de\/index.php\/datenschutzerklaerung\/\"]}]},{\"@type\":\"BreadcrumbList\",\"@id\":\"https:\/\/www.karimusto.de\/index.php\/datenschutzerklaerung\/#breadcrumb\",\"itemListElement\":[{\"@type\":\"ListItem\",\"position\":1,\"name\":\"Startseite\",\"item\":\"https:\/\/www.karimusto.de\/\"},{\"@type\":\"ListItem\",\"position\":2,\"name\":\"Datenschutzerkl\u00e4rung\"}]},{\"@type\":\"WebSite\",\"@id\":\"https:\/\/www.karimusto.de\/#website\",\"url\":\"https:\/\/www.karimusto.de\/\",\"name\":\"Karimusto - get in shape\",\"description\":\"Personal Training in K\u00f6ln \u2013 individuell, effektiv, nachhaltig.\",\"publisher\":{\"@id\":\"https:\/\/www.karimusto.de\/#organization\"},\"alternateName\":\"Karimusto\",\"potentialAction\":[{\"@type\":\"SearchAction\",\"target\":{\"@type\":\"EntryPoint\",\"urlTemplate\":\"https:\/\/www.karimusto.de\/?s={search_term_string}\"},\"query-input\":{\"@type\":\"PropertyValueSpecification\",\"valueRequired\":true,\"valueName\":\"search_term_string\"}}],\"inLanguage\":\"de\"},{\"@type\":\"Organization\",\"@id\":\"https:\/\/www.karimusto.de\/#organization\",\"name\":\"Karimusto \u2013 Personal Training Alexander Hirschmann-Habich\",\"alternateName\":\"Karimusto \u2013 Personal Training\",\"url\":\"https:\/\/www.karimusto.de\/\",\"logo\":{\"@type\":\"ImageObject\",\"inLanguage\":\"de\",\"@id\":\"https:\/\/www.karimusto.de\/#\/schema\/logo\/image\/\",\"url\":\"https:\/\/www.karimusto.de\/wp-content\/uploads\/2025\/11\/SVGLogo.svg\",\"contentUrl\":\"https:\/\/www.karimusto.de\/wp-content\/uploads\/2025\/11\/SVGLogo.svg\",\"caption\":\"Karimusto \u2013 Personal Training Alexander Hirschmann-Habich\"},\"image\":{\"@id\":\"https:\/\/www.karimusto.de\/#\/schema\/logo\/image\/\"},\"sameAs\":[\"https:\/\/www.facebook.com\/Karimustokoeln\/\",\"https:\/\/www.instagram.com\/karimusto\/\"]}]}<\/script>\n<!-- \/ Yoast SEO plugin. -->","yoast_head_json":{"title":"Datenschutzerkl\u00e4rung - Karimusto - get in shape","robots":{"index":"index","follow":"follow","max-snippet":"max-snippet:-1","max-image-preview":"max-image-preview:large","max-video-preview":"max-video-preview:-1"},"canonical":"https:\/\/www.karimusto.de\/index.php\/datenschutzerklaerung\/","og_locale":"de_DE","og_type":"article","og_title":"Datenschutzerkl\u00e4rung - Karimusto - get in shape","og_description":"1. Verantwortlicher Norbert Schlia(im Auftrag f\u00fcr Alexander Hirschmann-Habich)Hans-Thoma-Stra\u00dfe 2476327 PfinztalDeutschland \u2709 E-Mail: webmaster@karimusto.de 2. Allgemeines zur Datenverarbeitung Diese Website verarbeitet personenbezogene Daten grunds\u00e4tzlich nur, soweit dies zur Bereitstellung einer funktionsf\u00e4higen Website sowie unserer Inhalte und Leistungen erforderlich ist.Die Verarbeitung personenbezogener Daten erfolgt regelm\u00e4\u00dfig nur nach Einwilligung der betroffenen Person oder wenn die Verarbeitung durch gesetzliche...","og_url":"https:\/\/www.karimusto.de\/index.php\/datenschutzerklaerung\/","og_site_name":"Karimusto - get in shape","article_publisher":"https:\/\/www.facebook.com\/Karimustokoeln\/","article_modified_time":"2025-11-07T07:50:53+00:00","twitter_card":"summary_large_image","twitter_misc":{"Gesch\u00e4tzte Lesezeit":"4\u00a0Minuten"},"schema":{"@context":"https:\/\/schema.org","@graph":[{"@type":"WebPage","@id":"https:\/\/www.karimusto.de\/index.php\/datenschutzerklaerung\/","url":"https:\/\/www.karimusto.de\/index.php\/datenschutzerklaerung\/","name":"Datenschutzerkl\u00e4rung - Karimusto - get in shape","isPartOf":{"@id":"https:\/\/www.karimusto.de\/#website"},"datePublished":"2025-11-06T08:10:23+00:00","dateModified":"2025-11-07T07:50:53+00:00","breadcrumb":{"@id":"https:\/\/www.karimusto.de\/index.php\/datenschutzerklaerung\/#breadcrumb"},"inLanguage":"de","potentialAction":[{"@type":"ReadAction","target":["https:\/\/www.karimusto.de\/index.php\/datenschutzerklaerung\/"]}]},{"@type":"BreadcrumbList","@id":"https:\/\/www.karimusto.de\/index.php\/datenschutzerklaerung\/#breadcrumb","itemListElement":[{"@type":"ListItem","position":1,"name":"Startseite","item":"https:\/\/www.karimusto.de\/"},{"@type":"ListItem","position":2,"name":"Datenschutzerkl\u00e4rung"}]},{"@type":"WebSite","@id":"https:\/\/www.karimusto.de\/#website","url":"https:\/\/www.karimusto.de\/","name":"Karimusto - get in shape","description":"Personal Training in K\u00f6ln \u2013 individuell, effektiv, nachhaltig.","publisher":{"@id":"https:\/\/www.karimusto.de\/#organization"},"alternateName":"Karimusto","potentialAction":[{"@type":"SearchAction","target":{"@type":"EntryPoint","urlTemplate":"https:\/\/www.karimusto.de\/?s={search_term_string}"},"query-input":{"@type":"PropertyValueSpecification","valueRequired":true,"valueName":"search_term_string"}}],"inLanguage":"de"},{"@type":"Organization","@id":"https:\/\/www.karimusto.de\/#organization","name":"Karimusto \u2013 Personal Training Alexander Hirschmann-Habich","alternateName":"Karimusto \u2013 Personal Training","url":"https:\/\/www.karimusto.de\/","logo":{"@type":"ImageObject","inLanguage":"de","@id":"https:\/\/www.karimusto.de\/#\/schema\/logo\/image\/","url":"https:\/\/www.karimusto.de\/wp-content\/uploads\/2025\/11\/SVGLogo.svg","contentUrl":"https:\/\/www.karimusto.de\/wp-content\/uploads\/2025\/11\/SVGLogo.svg","caption":"Karimusto \u2013 Personal Training Alexander Hirschmann-Habich"},"image":{"@id":"https:\/\/www.karimusto.de\/#\/schema\/logo\/image\/"},"sameAs":["https:\/\/www.facebook.com\/Karimustokoeln\/","https:\/\/www.instagram.com\/karimusto\/"]}]}},"_links":{"self":[{"href":"https:\/\/www.karimusto.de\/index.php\/wp-json\/wp\/v2\/pages\/35","targetHints":{"allow":["GET"]}}],"collection":[{"href":"https:\/\/www.karimusto.de\/index.php\/wp-json\/wp\/v2\/pages"}],"about":[{"href":"https:\/\/www.karimusto.de\/index.php\/wp-json\/wp\/v2\/types\/page"}],"author":[{"embeddable":true,"href":"https:\/\/www.karimusto.de\/index.php\/wp-json\/wp\/v2\/users\/1"}],"replies":[{"embeddable":true,"href":"https:\/\/www.karimusto.de\/index.php\/wp-json\/wp\/v2\/comments?post=35"}],"version-history":[{"count":4,"href":"https:\/\/www.karimusto.de\/index.php\/wp-json\/wp\/v2\/pages\/35\/revisions"}],"predecessor-version":[{"id":170,"href":"https:\/\/www.karimusto.de\/index.php\/wp-json\/wp\/v2\/pages\/35\/revisions\/170"}],"wp:attachment":[{"href":"https:\/\/www.karimusto.de\/index.php\/wp-json\/wp\/v2\/media?parent=35"}],"curies":[{"name":"wp","href":"https:\/\/api.w.org\/{rel}","templated":true}]}}